{"id":13535,"date":"2023-03-08T11:35:34","date_gmt":"2023-03-08T10:35:34","guid":{"rendered":"https:\/\/itsasmuseoa.eus\/?page_id=13535"},"modified":"2023-03-08T11:38:17","modified_gmt":"2023-03-08T10:38:17","slug":"m8-itsasoan-mugak-gaindituz","status":"publish","type":"page","link":"https:\/\/itsasmuseoa.eus\/eu\/m8-itsasoan-mugak-gaindituz\/","title":{"rendered":"M8 &#8211; Itsasoan mugak gaindituz"},"content":{"rendered":"\n<a href=\"https:\/\/itsasmuseoa.eus\/\">Inicio<\/a> <img decoding=\"async\" src=\"https:\/\/itsasmuseoa.eus\/flecha-breadcrumbs\/\" alt=\"icono flecha\"> 8M \u2013 Las mujeres y el mar\n\t\t<h2>\n\t\t\tActualidad\n\t\t<\/h2>\n\n\n\t<p>1950, Bilbao, un capit\u00e1n de la marina mercante, exaltado, comenta: &#8220;Kokotxas, kokotxas, de mi alma. Tres meses sin echaros la vista&#8221;. Escena de la pel\u00edcula &#8220;<a href=\"https:\/\/www.tokyvideo.com\/es\/video\/maria-matricula-de-bilbao-1960\">Mar\u00eda, Matr\u00edcula de Bilbao&#8221;, rodada en 1960.<\/a><\/p>\n<p>Ejemplos como este, han sido los que han influido en el imaginario colectivo, donde asociamos siempre al hombre como gran ausente en su familia, embarcado durante meses lejos de casa.&nbsp;<\/p>\n<p>Pocas pel\u00edculas nos han contado casos como el de Ana Ivanova Schettinina, quien, en 1935, fue nombrada oficial de mayor rango de un buque mercante de la Uni\u00f3n Sovi\u00e9tica.<\/p>\n<p>A nivel internacional, mujeres como Ana estaban dando pasos para cambiar ese imaginario. En el estado espa\u00f1ol, sin embargo, las mujeres tuvieron que esperar 45 a\u00f1os, hasta el curso 1979-1980, para poder acceder a las Escuelas N\u00e1uticas y as\u00ed aspirar a ser oficiales de la marina mercante.&nbsp;&nbsp;<\/p>\n<p>Estas pioneras, con \u00c1ngeles Rodr\u00edguez Bernab\u00e9u a la cabeza, no solo tuvieron que hacer frente a un oficio hasta entonces exclusivamente masculino, sino que tambi\u00e9n a obst\u00e1culos durante su formaci\u00f3n acad\u00e9mica, donde escuchaban en boca de sus profesores frases como&nbsp; &#8220;en el mundo de la marina mercante se dicen &#8220;tacos&#8221; y no es sitio adecuado para vosotras&#8221;.<\/p>\n<p>El curso 1979-1980, Mercedes Marrero Valero empez\u00f3 a cursar los estudios de n\u00e1utica y en 1986 obtuvo el t\u00edtulo de capit\u00e1n. Un a\u00f1o despu\u00e9s, Idoia Iba\u00f1ez Ozores, de Barakaldo, se matricul\u00f3 en la escuela n\u00e1utica de Portugalete, licenci\u00e1ndose en 1986 y siendo, en 1994,&nbsp; la primera mujer capitana de un barco mercante espa\u00f1ol.<\/p>\n<p>Gracias a ejemplos como \u00c1ngeles e Idoia, las mujeres han podido pasar a apropiarse&nbsp; de la frase&nbsp; &#8220;kokotxas, kokotxas de mi alma, \u2026&#8221; y, en las pel\u00edculas, dejar de ser meras acompa\u00f1antes de capitanes y marinos.<\/p>\n<p>&nbsp;<\/p>\n\t\t\t\t<a href=\"https:\/\/itsasmuseoa.eus\/wp-content\/uploads\/2023\/03\/E9FF12DD-6DA9-4A2A-9A7E-D97364D03FA0.jpg\" target=\"_self\" itemprop=\"url\" rel=\"noopener\">\n\t\t\t\t<img decoding=\"async\" src=\"https:\/\/itsasmuseoa.eus\/wp-content\/uploads\/2023\/03\/E9FF12DD-6DA9-4A2A-9A7E-D97364D03FA0.jpg\" alt=\"E9FF12DD-6DA9-4A2A-9A7E-D97364D03FA0\" itemprop=\"image\" height=\"1198\" width=\"1781\" title=\"E9FF12DD-6DA9-4A2A-9A7E-D97364D03FA0\" onerror=\"this.style.display='none'\">\n\t\t\t\t<\/a>\n\t<a href=\"#\" id=\"trigger-\" data-modal=\"\" data-node=\"\">\n\t\t\t\t\t\t\tAMPLIAR FOTO\n\t\t\t\t\t\t\t\t\t\t\t\t<\/a>\n\t\t\t\t\t\tPreview\n\t\t\tmodal-\n\t\t\t\t\t\t<img decoding=\"async\" src=\"\">\n","protected":false},"excerpt":{"rendered":"<p>Euskal Itsas Museoak Emakumearen Nazioarteko Eguna den honetan, mugak daintiduz nautika ikasketak egin eta merkataritza-nabigazioko kapitain izateko borrokatu zuten emakumeak ikusarazi nahi ditu. <\/p>\n","protected":false},"author":4,"featured_media":13531,"parent":0,"menu_order":0,"comment_status":"closed","ping_status":"closed","template":"","meta":{"_acf_changed":false,"footnotes":""},"categories":[227],"tags":[454],"class_list":["post-13535","page","type-page","status-publish","has-post-thumbnail","hentry","category-beste-albisteak","tag-emanaldia"],"acf":[],"yoast_head":"<!-- This site is optimized with the Yoast SEO plugin v27.5 - https:\/\/yoast.com\/product\/yoast-seo-wordpress\/ -->\n<title>M8 - Itsasoan mugak gaindituz - Euskal Itsas Museoa<\/title>\n<meta name=\"robots\" content=\"index, follow, max-snippet:-1, max-image-preview:large, max-video-preview:-1\" \/>\n<link rel=\"canonical\" href=\"https:\/\/itsasmuseoa.eus\/eu\/m8-itsasoan-mugak-gaindituz\/\" \/>\n<meta property=\"og:locale\" content=\"eu_ES\" \/>\n<meta property=\"og:type\" content=\"article\" \/>\n<meta property=\"og:title\" content=\"M8 - Itsasoan mugak gaindituz - Euskal Itsas Museoa\" \/>\n<meta property=\"og:description\" content=\"Euskal Itsas Museoak Emakumearen Nazioarteko Eguna den honetan, mugak daintiduz nautika ikasketak egin eta merkataritza-nabigazioko kapitain izateko borrokatu zuten emakumeak ikusarazi nahi ditu.\" \/>\n<meta property=\"og:url\" content=\"https:\/\/itsasmuseoa.eus\/eu\/m8-itsasoan-mugak-gaindituz\/\" \/>\n<meta property=\"og:site_name\" content=\"Euskal Itsas Museoa\" \/>\n<meta property=\"article:modified_time\" content=\"2023-03-08T10:38:17+00:00\" \/>\n<meta property=\"og:image\" content=\"https:\/\/itsasmuseoa.eus\/wp-content\/uploads\/2023\/03\/E9FF12DD-6DA9-4A2A-9A7E-D97364D03FA0.jpg\" \/>\n\t<meta property=\"og:image:width\" content=\"1781\" \/>\n\t<meta property=\"og:image:height\" content=\"1198\" \/>\n\t<meta property=\"og:image:type\" content=\"image\/jpeg\" \/>\n<meta name=\"twitter:card\" content=\"summary_large_image\" \/>\n<script type=\"application\/ld+json\" class=\"yoast-schema-graph\">{\"@context\":\"https:\\\/\\\/schema.org\",\"@graph\":[{\"@type\":\"WebPage\",\"@id\":\"https:\\\/\\\/itsasmuseoa.eus\\\/eu\\\/m8-itsasoan-mugak-gaindituz\\\/\",\"url\":\"https:\\\/\\\/itsasmuseoa.eus\\\/eu\\\/m8-itsasoan-mugak-gaindituz\\\/\",\"name\":\"M8 - Itsasoan mugak gaindituz - Euskal Itsas Museoa\",\"isPartOf\":{\"@id\":\"https:\\\/\\\/itsasmuseoa.eus\\\/eu\\\/#website\"},\"primaryImageOfPage\":{\"@id\":\"https:\\\/\\\/itsasmuseoa.eus\\\/eu\\\/m8-itsasoan-mugak-gaindituz\\\/#primaryimage\"},\"image\":{\"@id\":\"https:\\\/\\\/itsasmuseoa.eus\\\/eu\\\/m8-itsasoan-mugak-gaindituz\\\/#primaryimage\"},\"thumbnailUrl\":\"https:\\\/\\\/itsasmuseoa.eus\\\/wp-content\\\/uploads\\\/2023\\\/03\\\/E9FF12DD-6DA9-4A2A-9A7E-D97364D03FA0.jpg\",\"datePublished\":\"2023-03-08T10:35:34+00:00\",\"dateModified\":\"2023-03-08T10:38:17+00:00\",\"breadcrumb\":{\"@id\":\"https:\\\/\\\/itsasmuseoa.eus\\\/eu\\\/m8-itsasoan-mugak-gaindituz\\\/#breadcrumb\"},\"inLanguage\":\"eu-ES\",\"potentialAction\":[{\"@type\":\"ReadAction\",\"target\":[\"https:\\\/\\\/itsasmuseoa.eus\\\/eu\\\/m8-itsasoan-mugak-gaindituz\\\/\"]}]},{\"@type\":\"ImageObject\",\"inLanguage\":\"eu-ES\",\"@id\":\"https:\\\/\\\/itsasmuseoa.eus\\\/eu\\\/m8-itsasoan-mugak-gaindituz\\\/#primaryimage\",\"url\":\"https:\\\/\\\/itsasmuseoa.eus\\\/wp-content\\\/uploads\\\/2023\\\/03\\\/E9FF12DD-6DA9-4A2A-9A7E-D97364D03FA0.jpg\",\"contentUrl\":\"https:\\\/\\\/itsasmuseoa.eus\\\/wp-content\\\/uploads\\\/2023\\\/03\\\/E9FF12DD-6DA9-4A2A-9A7E-D97364D03FA0.jpg\",\"width\":1781,\"height\":1198},{\"@type\":\"BreadcrumbList\",\"@id\":\"https:\\\/\\\/itsasmuseoa.eus\\\/eu\\\/m8-itsasoan-mugak-gaindituz\\\/#breadcrumb\",\"itemListElement\":[{\"@type\":\"ListItem\",\"position\":1,\"name\":\"Inicio\",\"item\":\"https:\\\/\\\/itsasmuseoa.eus\\\/eu\\\/\"},{\"@type\":\"ListItem\",\"position\":2,\"name\":\"M8 &#8211; Itsasoan mugak gaindituz\"}]},{\"@type\":\"WebSite\",\"@id\":\"https:\\\/\\\/itsasmuseoa.eus\\\/eu\\\/#website\",\"url\":\"https:\\\/\\\/itsasmuseoa.eus\\\/eu\\\/\",\"name\":\"Euskal Itsas Museoa\",\"description\":\"Museo Mar\u00edtimo Vasco\",\"potentialAction\":[{\"@type\":\"SearchAction\",\"target\":{\"@type\":\"EntryPoint\",\"urlTemplate\":\"https:\\\/\\\/itsasmuseoa.eus\\\/eu\\\/?s={search_term_string}\"},\"query-input\":{\"@type\":\"PropertyValueSpecification\",\"valueRequired\":true,\"valueName\":\"search_term_string\"}}],\"inLanguage\":\"eu-ES\"}]}<\/script>\n<!-- \/ Yoast SEO plugin. -->","yoast_head_json":{"title":"M8 - Itsasoan mugak gaindituz - Euskal Itsas Museoa","robots":{"index":"index","follow":"follow","max-snippet":"max-snippet:-1","max-image-preview":"max-image-preview:large","max-video-preview":"max-video-preview:-1"},"canonical":"https:\/\/itsasmuseoa.eus\/eu\/m8-itsasoan-mugak-gaindituz\/","og_locale":"eu_ES","og_type":"article","og_title":"M8 - Itsasoan mugak gaindituz - Euskal Itsas Museoa","og_description":"Euskal Itsas Museoak Emakumearen Nazioarteko Eguna den honetan, mugak daintiduz nautika ikasketak egin eta merkataritza-nabigazioko kapitain izateko borrokatu zuten emakumeak ikusarazi nahi ditu.","og_url":"https:\/\/itsasmuseoa.eus\/eu\/m8-itsasoan-mugak-gaindituz\/","og_site_name":"Euskal Itsas Museoa","article_modified_time":"2023-03-08T10:38:17+00:00","og_image":[{"width":1781,"height":1198,"url":"https:\/\/itsasmuseoa.eus\/wp-content\/uploads\/2023\/03\/E9FF12DD-6DA9-4A2A-9A7E-D97364D03FA0.jpg","type":"image\/jpeg"}],"twitter_card":"summary_large_image","schema":{"@context":"https:\/\/schema.org","@graph":[{"@type":"WebPage","@id":"https:\/\/itsasmuseoa.eus\/eu\/m8-itsasoan-mugak-gaindituz\/","url":"https:\/\/itsasmuseoa.eus\/eu\/m8-itsasoan-mugak-gaindituz\/","name":"M8 - Itsasoan mugak gaindituz - Euskal Itsas Museoa","isPartOf":{"@id":"https:\/\/itsasmuseoa.eus\/eu\/#website"},"primaryImageOfPage":{"@id":"https:\/\/itsasmuseoa.eus\/eu\/m8-itsasoan-mugak-gaindituz\/#primaryimage"},"image":{"@id":"https:\/\/itsasmuseoa.eus\/eu\/m8-itsasoan-mugak-gaindituz\/#primaryimage"},"thumbnailUrl":"https:\/\/itsasmuseoa.eus\/wp-content\/uploads\/2023\/03\/E9FF12DD-6DA9-4A2A-9A7E-D97364D03FA0.jpg","datePublished":"2023-03-08T10:35:34+00:00","dateModified":"2023-03-08T10:38:17+00:00","breadcrumb":{"@id":"https:\/\/itsasmuseoa.eus\/eu\/m8-itsasoan-mugak-gaindituz\/#breadcrumb"},"inLanguage":"eu-ES","potentialAction":[{"@type":"ReadAction","target":["https:\/\/itsasmuseoa.eus\/eu\/m8-itsasoan-mugak-gaindituz\/"]}]},{"@type":"ImageObject","inLanguage":"eu-ES","@id":"https:\/\/itsasmuseoa.eus\/eu\/m8-itsasoan-mugak-gaindituz\/#primaryimage","url":"https:\/\/itsasmuseoa.eus\/wp-content\/uploads\/2023\/03\/E9FF12DD-6DA9-4A2A-9A7E-D97364D03FA0.jpg","contentUrl":"https:\/\/itsasmuseoa.eus\/wp-content\/uploads\/2023\/03\/E9FF12DD-6DA9-4A2A-9A7E-D97364D03FA0.jpg","width":1781,"height":1198},{"@type":"BreadcrumbList","@id":"https:\/\/itsasmuseoa.eus\/eu\/m8-itsasoan-mugak-gaindituz\/#breadcrumb","itemListElement":[{"@type":"ListItem","position":1,"name":"Inicio","item":"https:\/\/itsasmuseoa.eus\/eu\/"},{"@type":"ListItem","position":2,"name":"M8 &#8211; Itsasoan mugak gaindituz"}]},{"@type":"WebSite","@id":"https:\/\/itsasmuseoa.eus\/eu\/#website","url":"https:\/\/itsasmuseoa.eus\/eu\/","name":"Euskal Itsas Museoa","description":"Museo Mar\u00edtimo Vasco","potentialAction":[{"@type":"SearchAction","target":{"@type":"EntryPoint","urlTemplate":"https:\/\/itsasmuseoa.eus\/eu\/?s={search_term_string}"},"query-input":{"@type":"PropertyValueSpecification","valueRequired":true,"valueName":"search_term_string"}}],"inLanguage":"eu-ES"}]}},"_links":{"self":[{"href":"https:\/\/itsasmuseoa.eus\/eu\/wp-json\/wp\/v2\/pages\/13535","targetHints":{"allow":["GET"]}}],"collection":[{"href":"https:\/\/itsasmuseoa.eus\/eu\/wp-json\/wp\/v2\/pages"}],"about":[{"href":"https:\/\/itsasmuseoa.eus\/eu\/wp-json\/wp\/v2\/types\/page"}],"author":[{"embeddable":true,"href":"https:\/\/itsasmuseoa.eus\/eu\/wp-json\/wp\/v2\/users\/4"}],"replies":[{"embeddable":true,"href":"https:\/\/itsasmuseoa.eus\/eu\/wp-json\/wp\/v2\/comments?post=13535"}],"version-history":[{"count":0,"href":"https:\/\/itsasmuseoa.eus\/eu\/wp-json\/wp\/v2\/pages\/13535\/revisions"}],"wp:featuredmedia":[{"embeddable":true,"href":"https:\/\/itsasmuseoa.eus\/eu\/wp-json\/wp\/v2\/media\/13531"}],"wp:attachment":[{"href":"https:\/\/itsasmuseoa.eus\/eu\/wp-json\/wp\/v2\/media?parent=13535"}],"wp:term":[{"taxonomy":"category","embeddable":true,"href":"https:\/\/itsasmuseoa.eus\/eu\/wp-json\/wp\/v2\/categories?post=13535"},{"taxonomy":"post_tag","embeddable":true,"href":"https:\/\/itsasmuseoa.eus\/eu\/wp-json\/wp\/v2\/tags?post=13535"}],"curies":[{"name":"wp","href":"https:\/\/api.w.org\/{rel}","templated":true}]}}