{"id":21779,"date":"2026-09-01T10:07:21","date_gmt":"2026-09-01T08:07:21","guid":{"rendered":"https:\/\/itsasmuseoa.eus\/?page_id=21779"},"modified":"2026-09-01T10:42:28","modified_gmt":"2026-09-01T08:42:28","slug":"kontxako-patroi-handiak","status":"publish","type":"page","link":"https:\/\/itsasmuseoa.eus\/eu\/erakusketak\/egungo-erakusketak\/kontxako-patroi-handiak\/","title":{"rendered":"Kontxako patroi handiak"},"content":{"rendered":"\n\n\t<nav id=\"breadcrumbs\" aria-label=\"Breadcrumbs\"><a href=\"https:\/\/itsasmuseoa.eus\/eu\/\">Inicio<\/a> <img decoding=\"async\" src=\"https:\/\/itsasmuseoa.eus\/flecha-breadcrumbs\/\" alt=\"icono flecha\" \/> Exposiciones <img decoding=\"async\" src=\"https:\/\/itsasmuseoa.eus\/flecha-breadcrumbs\/\" alt=\"icono flecha\" \/> <a href=\"https:\/\/itsasmuseoa.eus\/eu\/erakusketak\/egungo-erakusketak\/\">Exposiciones Actuales<\/a> <img decoding=\"async\" src=\"https:\/\/itsasmuseoa.eus\/flecha-breadcrumbs\/\" alt=\"icono flecha\" \/> Kontxako patroi handiak<\/nav>\n\n<h1>\n\t\t\tKontxako patroi handiak\t<\/h1>\n<h2>\n\t\t\t2026\/09\/03 &#8211; 2026\/10\/04\t<\/h2>\n<h2>\n\t\t<a href=\"https:\/\/itsasmuseoa.eus\/eu\/zure-bisita\/informazio-praktikoa\/\" title=\"Precios: Ver tarifas\"  target=\"_self\">\n\t\t\tPrecios: Ver tarifas\t\t<\/a>\n\t<\/h2>\n\n\t\t\t\t<a href=\"https:\/\/itsasmuseoa.eus\/wp-content\/uploads\/2026\/08\/1800x1200_WEB-BANNER.pdf-4.jpg\"  target=\"_self\" itemprop=\"url\">\n\t\t\t\t<img decoding=\"async\" src=\"https:\/\/itsasmuseoa.eus\/wp-content\/uploads\/2026\/08\/1800x1200_WEB-BANNER.pdf-4.jpg\" alt=\"1800x1200_WEB BANNER.pdf (4)\" itemprop=\"image\" height=\"1600\" width=\"2400\" title=\"1800x1200_WEB BANNER.pdf (4)\" onerror=\"this.style.display='none'\" loading=\"lazy\" \/>\n\t\t\t\t<\/a>\n\t<a href=\"#\" id=\"trigger-\" role=\"button\" data-modal=\"\" data-node=\"\">\n\t\t\t\t\t\t\tAMPLIAR FOTO\n\t\t\t\t\t\t\t\t\t\t\t\t<\/a>\n\t\t\t\t\t\tPreview\n\t\t\tmodal-\n\t\t\t\t\t\t<img decoding=\"async\" src=\"\" alt=\"\" \/>\t\t\t\t\t\n<p>\u00a0En la ganbara del Museo Mar\u00edtimo Vasco se presenta, del 3 de septiembre al 4 de octubre, una exposici\u00f3n dedicada a la trayectoria de los grandes patrones que han conquistado la Bandera de La Concha, desde figuras hist\u00f3ricas como Quirico o Aita Manuel hasta la actualidad. La muestra incluye fotograf\u00edas y objetos hist\u00f3ricos que permiten conocer la evoluci\u00f3n del remo y sus protagonistas. <\/p>\n<p>Adem\u00e1s, la exposici\u00f3n se complementar\u00e1 con una charla-coloquio en euskara, con entrada gratuita, a cargo del periodista Ibon Gazta\u00f1azpi, que abordar\u00e1 la figura de los grandes patrones y su contribuci\u00f3n a la historia de las regatas y del remo vasco <b>el 8 de septiembre a las 19:00 en la ganbara del Euskal Itsas Museoa.\u00a0<\/b><\/p>\n<p>&nbsp;<\/p>\n\t<p><strong>Charla con Ibon gazta\u00f1azpi<\/strong><\/p>\n<p><strong>8 de septiembre a las 19:00<\/strong> en la ganbara del Euskal Itsas Museoa Ibon Gazta\u00f1azpi remero y periodista deportibo ofrecer\u00e1 una charla sobre los y las grandes patronas de la Kontxa.<\/p>\n\n","protected":false},"excerpt":{"rendered":"<p>Euskal Itsas Museoaren ganbaran, Kontxako Bandera irabazi duten patroi handien ibilbidea ezagutarazteko erakusketa izango da ikusgai.<\/p>\n","protected":false},"author":4,"featured_media":21774,"parent":5451,"menu_order":0,"comment_status":"closed","ping_status":"closed","template":"","meta":{"_acf_changed":false,"footnotes":""},"categories":[260,263],"tags":[639],"class_list":["post-21779","page","type-page","status-publish","has-post-thumbnail","hentry","category-erakusketak","category-oraingo-erakusketak","tag-exposicion-eu"],"acf":[],"yoast_head":"<!-- This site is optimized with the Yoast SEO plugin v28.2 - https:\/\/yoast.com\/product\/yoast-seo-wordpress\/ -->\n<title>Kontxako patroi handiak - Euskal Itsas Museoa<\/title>\n<meta name=\"robots\" content=\"index, follow, max-snippet:-1, max-image-preview:large, max-video-preview:-1\" \/>\n<link rel=\"canonical\" href=\"https:\/\/itsasmuseoa.eus\/eu\/erakusketak\/egungo-erakusketak\/kontxako-patroi-handiak\/\" \/>\n<meta property=\"og:locale\" content=\"eu_ES\" \/>\n<meta property=\"og:type\" content=\"article\" \/>\n<meta property=\"og:title\" content=\"Kontxako patroi handiak - Euskal Itsas Museoa\" \/>\n<meta property=\"og:description\" content=\"Euskal Itsas Museoaren ganbaran, Kontxako Bandera irabazi duten patroi handien ibilbidea ezagutarazteko erakusketa izango da ikusgai.\" \/>\n<meta property=\"og:url\" content=\"https:\/\/itsasmuseoa.eus\/eu\/erakusketak\/egungo-erakusketak\/kontxako-patroi-handiak\/\" \/>\n<meta property=\"og:site_name\" content=\"Euskal Itsas Museoa\" \/>\n<meta property=\"article:modified_time\" content=\"2026-09-01T08:42:28+00:00\" \/>\n<meta property=\"og:image\" content=\"https:\/\/itsasmuseoa.eus\/wp-content\/uploads\/2026\/08\/1800x1200_WEB-BANNER.pdf-4.jpg\" \/>\n\t<meta property=\"og:image:width\" content=\"2400\" \/>\n\t<meta property=\"og:image:height\" content=\"1600\" \/>\n\t<meta property=\"og:image:type\" content=\"image\/jpeg\" \/>\n<meta name=\"twitter:card\" content=\"summary_large_image\" \/>\n<meta name=\"twitter:label1\" content=\"Est. reading time\" \/>\n\t<meta name=\"twitter:data1\" content=\"1 minute\" \/>\n<script type=\"application\/ld+json\" class=\"yoast-schema-graph\">{\"@context\":\"https:\\\/\\\/schema.org\",\"@graph\":[{\"@type\":\"WebPage\",\"@id\":\"https:\\\/\\\/itsasmuseoa.eus\\\/eu\\\/erakusketak\\\/egungo-erakusketak\\\/kontxako-patroi-handiak\\\/\",\"url\":\"https:\\\/\\\/itsasmuseoa.eus\\\/eu\\\/erakusketak\\\/egungo-erakusketak\\\/kontxako-patroi-handiak\\\/\",\"name\":\"Kontxako patroi handiak - Euskal Itsas Museoa\",\"isPartOf\":{\"@id\":\"https:\\\/\\\/itsasmuseoa.eus\\\/eu\\\/#website\"},\"primaryImageOfPage\":{\"@id\":\"https:\\\/\\\/itsasmuseoa.eus\\\/eu\\\/erakusketak\\\/egungo-erakusketak\\\/kontxako-patroi-handiak\\\/#primaryimage\"},\"image\":{\"@id\":\"https:\\\/\\\/itsasmuseoa.eus\\\/eu\\\/erakusketak\\\/egungo-erakusketak\\\/kontxako-patroi-handiak\\\/#primaryimage\"},\"thumbnailUrl\":\"https:\\\/\\\/itsasmuseoa.eus\\\/wp-content\\\/uploads\\\/2026\\\/08\\\/1800x1200_WEB-BANNER.pdf-4.jpg\",\"datePublished\":\"2026-09-01T08:07:21+00:00\",\"dateModified\":\"2026-09-01T08:42:28+00:00\",\"breadcrumb\":{\"@id\":\"https:\\\/\\\/itsasmuseoa.eus\\\/eu\\\/erakusketak\\\/egungo-erakusketak\\\/kontxako-patroi-handiak\\\/#breadcrumb\"},\"inLanguage\":\"eu-ES\",\"potentialAction\":[{\"@type\":\"ReadAction\",\"target\":[\"https:\\\/\\\/itsasmuseoa.eus\\\/eu\\\/erakusketak\\\/egungo-erakusketak\\\/kontxako-patroi-handiak\\\/\"]}]},{\"@type\":\"ImageObject\",\"inLanguage\":\"eu-ES\",\"@id\":\"https:\\\/\\\/itsasmuseoa.eus\\\/eu\\\/erakusketak\\\/egungo-erakusketak\\\/kontxako-patroi-handiak\\\/#primaryimage\",\"url\":\"https:\\\/\\\/itsasmuseoa.eus\\\/wp-content\\\/uploads\\\/2026\\\/08\\\/1800x1200_WEB-BANNER.pdf-4.jpg\",\"contentUrl\":\"https:\\\/\\\/itsasmuseoa.eus\\\/wp-content\\\/uploads\\\/2026\\\/08\\\/1800x1200_WEB-BANNER.pdf-4.jpg\",\"width\":2400,\"height\":1600},{\"@type\":\"BreadcrumbList\",\"@id\":\"https:\\\/\\\/itsasmuseoa.eus\\\/eu\\\/erakusketak\\\/egungo-erakusketak\\\/kontxako-patroi-handiak\\\/#breadcrumb\",\"itemListElement\":[{\"@type\":\"ListItem\",\"position\":1,\"name\":\"Inicio\",\"item\":\"https:\\\/\\\/itsasmuseoa.eus\\\/eu\\\/\"},{\"@type\":\"ListItem\",\"position\":2,\"name\":\"Erakusketak\",\"item\":\"https:\\\/\\\/itsasmuseoa.eus\\\/eu\\\/exposiciones\\\/\"},{\"@type\":\"ListItem\",\"position\":3,\"name\":\"Egungo erakusketak\",\"item\":\"https:\\\/\\\/itsasmuseoa.eus\\\/eu\\\/erakusketak\\\/egungo-erakusketak\\\/\"},{\"@type\":\"ListItem\",\"position\":4,\"name\":\"Kontxako patroi handiak\"}]},{\"@type\":\"WebSite\",\"@id\":\"https:\\\/\\\/itsasmuseoa.eus\\\/eu\\\/#website\",\"url\":\"https:\\\/\\\/itsasmuseoa.eus\\\/eu\\\/\",\"name\":\"Euskal Itsas Museoa\",\"description\":\"Museo Mar\u00edtimo Vasco\",\"potentialAction\":[{\"@type\":\"SearchAction\",\"target\":{\"@type\":\"EntryPoint\",\"urlTemplate\":\"https:\\\/\\\/itsasmuseoa.eus\\\/eu\\\/?s={search_term_string}\"},\"query-input\":{\"@type\":\"PropertyValueSpecification\",\"valueRequired\":true,\"valueName\":\"search_term_string\"}}],\"inLanguage\":\"eu-ES\"}]}<\/script>\n<!-- \/ Yoast SEO plugin. -->","yoast_head_json":{"title":"Kontxako patroi handiak - Euskal Itsas Museoa","robots":{"index":"index","follow":"follow","max-snippet":"max-snippet:-1","max-image-preview":"max-image-preview:large","max-video-preview":"max-video-preview:-1"},"canonical":"https:\/\/itsasmuseoa.eus\/eu\/erakusketak\/egungo-erakusketak\/kontxako-patroi-handiak\/","og_locale":"eu_ES","og_type":"article","og_title":"Kontxako patroi handiak - Euskal Itsas Museoa","og_description":"Euskal Itsas Museoaren ganbaran, Kontxako Bandera irabazi duten patroi handien ibilbidea ezagutarazteko erakusketa izango da ikusgai.","og_url":"https:\/\/itsasmuseoa.eus\/eu\/erakusketak\/egungo-erakusketak\/kontxako-patroi-handiak\/","og_site_name":"Euskal Itsas Museoa","article_modified_time":"2026-09-01T08:42:28+00:00","og_image":[{"width":2400,"height":1600,"url":"https:\/\/itsasmuseoa.eus\/wp-content\/uploads\/2026\/08\/1800x1200_WEB-BANNER.pdf-4.jpg","type":"image\/jpeg"}],"twitter_card":"summary_large_image","twitter_misc":{"Est. reading time":"1 minute"},"schema":{"@context":"https:\/\/schema.org","@graph":[{"@type":"WebPage","@id":"https:\/\/itsasmuseoa.eus\/eu\/erakusketak\/egungo-erakusketak\/kontxako-patroi-handiak\/","url":"https:\/\/itsasmuseoa.eus\/eu\/erakusketak\/egungo-erakusketak\/kontxako-patroi-handiak\/","name":"Kontxako patroi handiak - Euskal Itsas Museoa","isPartOf":{"@id":"https:\/\/itsasmuseoa.eus\/eu\/#website"},"primaryImageOfPage":{"@id":"https:\/\/itsasmuseoa.eus\/eu\/erakusketak\/egungo-erakusketak\/kontxako-patroi-handiak\/#primaryimage"},"image":{"@id":"https:\/\/itsasmuseoa.eus\/eu\/erakusketak\/egungo-erakusketak\/kontxako-patroi-handiak\/#primaryimage"},"thumbnailUrl":"https:\/\/itsasmuseoa.eus\/wp-content\/uploads\/2026\/08\/1800x1200_WEB-BANNER.pdf-4.jpg","datePublished":"2026-09-01T08:07:21+00:00","dateModified":"2026-09-01T08:42:28+00:00","breadcrumb":{"@id":"https:\/\/itsasmuseoa.eus\/eu\/erakusketak\/egungo-erakusketak\/kontxako-patroi-handiak\/#breadcrumb"},"inLanguage":"eu-ES","potentialAction":[{"@type":"ReadAction","target":["https:\/\/itsasmuseoa.eus\/eu\/erakusketak\/egungo-erakusketak\/kontxako-patroi-handiak\/"]}]},{"@type":"ImageObject","inLanguage":"eu-ES","@id":"https:\/\/itsasmuseoa.eus\/eu\/erakusketak\/egungo-erakusketak\/kontxako-patroi-handiak\/#primaryimage","url":"https:\/\/itsasmuseoa.eus\/wp-content\/uploads\/2026\/08\/1800x1200_WEB-BANNER.pdf-4.jpg","contentUrl":"https:\/\/itsasmuseoa.eus\/wp-content\/uploads\/2026\/08\/1800x1200_WEB-BANNER.pdf-4.jpg","width":2400,"height":1600},{"@type":"BreadcrumbList","@id":"https:\/\/itsasmuseoa.eus\/eu\/erakusketak\/egungo-erakusketak\/kontxako-patroi-handiak\/#breadcrumb","itemListElement":[{"@type":"ListItem","position":1,"name":"Inicio","item":"https:\/\/itsasmuseoa.eus\/eu\/"},{"@type":"ListItem","position":2,"name":"Erakusketak","item":"https:\/\/itsasmuseoa.eus\/eu\/exposiciones\/"},{"@type":"ListItem","position":3,"name":"Egungo erakusketak","item":"https:\/\/itsasmuseoa.eus\/eu\/erakusketak\/egungo-erakusketak\/"},{"@type":"ListItem","position":4,"name":"Kontxako patroi handiak"}]},{"@type":"WebSite","@id":"https:\/\/itsasmuseoa.eus\/eu\/#website","url":"https:\/\/itsasmuseoa.eus\/eu\/","name":"Euskal Itsas Museoa","description":"Museo Mar\u00edtimo Vasco","potentialAction":[{"@type":"SearchAction","target":{"@type":"EntryPoint","urlTemplate":"https:\/\/itsasmuseoa.eus\/eu\/?s={search_term_string}"},"query-input":{"@type":"PropertyValueSpecification","valueRequired":true,"valueName":"search_term_string"}}],"inLanguage":"eu-ES"}]}},"_links":{"self":[{"href":"https:\/\/itsasmuseoa.eus\/eu\/wp-json\/wp\/v2\/pages\/21779","targetHints":{"allow":["GET"]}}],"collection":[{"href":"https:\/\/itsasmuseoa.eus\/eu\/wp-json\/wp\/v2\/pages"}],"about":[{"href":"https:\/\/itsasmuseoa.eus\/eu\/wp-json\/wp\/v2\/types\/page"}],"author":[{"embeddable":true,"href":"https:\/\/itsasmuseoa.eus\/eu\/wp-json\/wp\/v2\/users\/4"}],"replies":[{"embeddable":true,"href":"https:\/\/itsasmuseoa.eus\/eu\/wp-json\/wp\/v2\/comments?post=21779"}],"version-history":[{"count":5,"href":"https:\/\/itsasmuseoa.eus\/eu\/wp-json\/wp\/v2\/pages\/21779\/revisions"}],"predecessor-version":[{"id":21852,"href":"https:\/\/itsasmuseoa.eus\/eu\/wp-json\/wp\/v2\/pages\/21779\/revisions\/21852"}],"up":[{"embeddable":true,"href":"https:\/\/itsasmuseoa.eus\/eu\/wp-json\/wp\/v2\/pages\/5451"}],"wp:featuredmedia":[{"embeddable":true,"href":"https:\/\/itsasmuseoa.eus\/eu\/wp-json\/wp\/v2\/media\/21774"}],"wp:attachment":[{"href":"https:\/\/itsasmuseoa.eus\/eu\/wp-json\/wp\/v2\/media?parent=21779"}],"wp:term":[{"taxonomy":"category","embeddable":true,"href":"https:\/\/itsasmuseoa.eus\/eu\/wp-json\/wp\/v2\/categories?post=21779"},{"taxonomy":"post_tag","embeddable":true,"href":"https:\/\/itsasmuseoa.eus\/eu\/wp-json\/wp\/v2\/tags?post=21779"}],"curies":[{"name":"wp","href":"https:\/\/api.w.org\/{rel}","templated":true}]}}