{"id":13199,"date":"2023-02-09T12:14:16","date_gmt":"2023-02-09T11:14:16","guid":{"rendered":"https:\/\/itsasmuseoa.eus\/?page_id=13199"},"modified":"2023-02-22T15:02:32","modified_gmt":"2023-02-22T14:02:32","slug":"moilak-traditionnellement-innovant","status":"publish","type":"page","link":"https:\/\/itsasmuseoa.eus\/fr\/des-expositions\/expositions-en-course\/moilak-traditionnellement-innovant\/","title":{"rendered":"Moilak. Traditionnellement Innovant"},"content":{"rendered":"\n\n\t<a href=\"https:\/\/itsasmuseoa.eus\/fr\/\">Inicio<\/a> <img decoding=\"async\" src=\"https:\/\/itsasmuseoa.eus\/flecha-breadcrumbs\/\" alt=\"icono flecha\" \/> <a href=\"https:\/\/itsasmuseoa.eus\/fr\/des-expositions\/\">Des expositions<\/a> <img decoding=\"async\" src=\"https:\/\/itsasmuseoa.eus\/flecha-breadcrumbs\/\" alt=\"icono flecha\" \/> <a href=\"https:\/\/itsasmuseoa.eus\/fr\/des-expositions\/expositions-en-course\/\">Expositions en course<\/a> <img decoding=\"async\" src=\"https:\/\/itsasmuseoa.eus\/flecha-breadcrumbs\/\" alt=\"icono flecha\" \/> Moilak. Traditionnellement Innovant\n\n\n\n\n\n\t\t\t\t<a href=\"https:\/\/itsasmuseoa.eus\/wp-content\/uploads\/2021\/06\/Moilak_Web-1.jpg\" target=\"_self\" itemprop=\"url\" rel=\"noopener\">\n\t\t\t\t<img decoding=\"async\" src=\"https:\/\/itsasmuseoa.eus\/wp-content\/uploads\/2021\/06\/Moilak_Web-1.jpg\" alt=\"Moilak_Web (1)\" itemprop=\"image\" height=\"1280\" width=\"1920\" title=\"Moilak_Web (1)\" onerror=\"this.style.display='none'\"  \/>\n\t\t\t\t<\/a>\n\t<a href=\"#\" id=\"trigger-\" data-modal=\"\" data-node=\"\">\n\t\t\t\t\t\t\tAGRANDIR LA PHOTO\n\t\t\t\t\t\t\t\t\t\t\t\t<\/a>\n\t\t\t\t\t\tPreview\n\t\t\tmodal-\n\t\t\t\t\t\t<img decoding=\"async\" src=\"\"\/>\t\t\t\t\t\n\t<h2><strong>L&#8217;innovation est-elle notre tradition?<\/strong><\/h2>\n<p>Cette exposition illustre le r\u00f4le important qu&#8217;ont jou\u00e9 les ports basques au cours des derniers si\u00e8cles : ils constituaient des sites phares de l&#8217;innovation \u00e9conomique, sociale et technologique continue avec des impacts directs sur l&#8217;\u00e9volution historique du Pays Basque. <\/p>\n<h5><strong>#MOILA #PORT<\/strong><\/h5>\n<p>En basque Moila est le mot le plus souvent utilis\u00e9 sur la c\u00f4te de Gipuzkoa pour se r\u00e9f\u00e9rer \u00e0 un port. Les ports sont des interm\u00e9diaires cruciaux pour acc\u00e9der de la mer \u00e0 la terre et vice-versa.\u00a0<\/p>\n<p><b>Ce sont des acc\u00e8s ou des portes qui s&#8217;ouvrent ou se ferment<\/b> en fonction des circonstances \u00e9conomiques, politiques et diplomatiques en vigueur. <b>Ce sont les lieux de passage de personnes, de marchandises, d&#8217;id\u00e9es, de projets et de cultures<\/b>; ce sont \u00e9galement des sites de confluence avec d&#8217;autres contextes socio-\u00e9conomiques, politiques et culturels.<\/p>\n<p>Ils <b>repr\u00e9sentent<\/b> parall\u00e8lement un <b>refuge et une base<\/b> pour les embarcations d&#8217;ici ou d&#8217;ailleurs et pour un grand nombre d&#8217;activit\u00e9s industrielles et de services r\u00e9alis\u00e9s sur terre, mais intimement en lien avec la mer. Ils sont le support de l&#8217;\u00e9conomie de millions de femmes et de familles de marins.<\/p>\n\t\t\t\t<img decoding=\"async\" src=\"https:\/\/itsasmuseoa.eus\/wp-content\/uploads\/2021\/06\/Moilak_Web-1.jpg\" alt=\"Moilak_Web (1)\" itemprop=\"image\" height=\"1280\" width=\"1920\" title=\"Moilak_Web (1)\" onerror=\"this.style.display='none'\"  \/>\n\t<p>D\u00e9couvrez les maquettes, machines, engins de p\u00eache, tableaux, gravures, sculptures, photographies, films, pi\u00e8ces arch\u00e9ologiques, documents, etc. provenant de la collection du Mus\u00e9e et de diverses institutions &#8211; Gordailua, Aquarium, Filmoth\u00e8que Basque, ZIIZ, Guascor S.A. et la Cofrad\u00eda de Pescadores Elkano de Getaria &#8211; !<\/p>\n\t<meta itemprop=\"url\" content=\"https:\/\/itsasmuseoa.eus\/wp-content\/uploads\/2023\/02\/Moilak_Redes_02_FB_Twitter-_2_.mp4\" \/><div style=\"width: 640px;\" class=\"wp-video\"><!--[if lt IE 9]><script>document.createElement('video');<\/script><![endif]-->\n<video class=\"wp-video-shortcode\" id=\"video-13199-1\" width=\"640\" height=\"360\" preload=\"metadata\" controls=\"controls\"><source type=\"video\/mp4\" src=\"https:\/\/itsasmuseoa.eus\/wp-content\/uploads\/2023\/02\/Moilak_Redes_02_FB_Twitter-_2_.mp4?_=1\" \/><a href=\"https:\/\/itsasmuseoa.eus\/wp-content\/uploads\/2023\/02\/Moilak_Redes_02_FB_Twitter-_2_.mp4\">https:\/\/itsasmuseoa.eus\/wp-content\/uploads\/2023\/02\/Moilak_Redes_02_FB_Twitter-_2_.mp4<\/a><\/video><\/div>\n\t<p>PROGRAMMATION<\/p>\n\t<p>D\u00e9couvrez le programme d&#8217;activit\u00e9s:<\/p>\n<h2>\n\t\tSur demande\n\t<\/h2>\n<h2>\n\t\t<a href=\"https:\/\/itsasmuseoa.eus\/fr\/activites\/agenda\/visite-guide-tromelin\/\" title=\"Visitez MOILAK\" target=\"_self\" rel=\"noopener\">\n\t\tVisitez MOILAK\n\t\t<\/a>\n\t<\/h2>\n\t\t\t<a href=\"https:\/\/itsasmuseoa.eus\/fr\/reservation-de-billets\/?reserva=Visita guiada bajo demanda MOILAK\" target=\"_blank\" role=\"button\" rel=\"noopener\">\n\t\t\t\t\t\tReserver\n\t\t\t\t\t<\/a>\n<h2>\n\t\tRencontre\n\t<\/h2>\n<h2>\n\t\tEMBARCA CON&#8230;\n\t<\/h2>\n\t\t\t<a href=\"https:\/\/itsasmuseoa.eus\/fr\/activites\/agenda\/\" target=\"_blank\" role=\"button\" rel=\"noopener\">\n\t\t\t\t\t\tConsultez ici\n\t\t\t\t\t<\/a>\n\t<p>PROGRAMME D&#8217; ACTIVIT\u00c9<\/p>\n<p>Toute l&#8217; information sur les activit\u00e9s li\u00e9es avec l&#8217; exposition est<a href=\"https:\/\/itsasmuseoa.eus\/fr\/activites\/agenda\/\"> sur l&#8217;agenda<\/a>.<\/p>\n\t<p>T\u00c9L\u00c9CHARGER<\/p>\n\t<a href=\"https:\/\/itsasmuseoa.eus\/wp-content\/uploads\/2021\/06\/23_MOILAK_DOSIER-DE-PRENSA.pdf\" target=\"_blank\" role=\"button\" rel=\"noopener\" aria-label=\"Dossier de presse\">\n\t\t\t\t\t\tDossier de presse\n\t\t\t\t\t<\/a>\n\n","protected":false},"excerpt":{"rendered":"<p>Cette exposition illustre le r\u00f4le important qu\u2019ont jou\u00e9 les ports basques au cours des derniers si\u00e8cles : ils constituaient des sites phares de l\u2019innovation \u00e9conomique, sociale et technologique continue avec des impacts directs sur l\u2019\u00e9volution historique du Pays Basque. L\u2019innovation est-elle notre tradition ?<\/p>\n","protected":false},"author":4,"featured_media":13121,"parent":5453,"menu_order":0,"comment_status":"closed","ping_status":"closed","template":"","meta":{"_acf_changed":false,"footnotes":""},"categories":[262,81],"tags":[308],"class_list":["post-13199","page","type-page","status-publish","has-post-thumbnail","hentry","category-des-expositions","category-exposiciones-pasadas","tag-exposition"],"acf":[],"yoast_head":"<!-- This site is optimized with the Yoast SEO plugin v27.5 - https:\/\/yoast.com\/product\/yoast-seo-wordpress\/ -->\n<title>Moilak. Traditionnellement Innovant - Euskal Itsas Museoa<\/title>\n<meta name=\"robots\" content=\"index, follow, max-snippet:-1, max-image-preview:large, max-video-preview:-1\" \/>\n<link rel=\"canonical\" href=\"https:\/\/itsasmuseoa.eus\/fr\/des-expositions\/expositions-en-course\/moilak-traditionnellement-innovant\/\" \/>\n<meta property=\"og:locale\" content=\"fr_FR\" \/>\n<meta property=\"og:type\" content=\"article\" \/>\n<meta property=\"og:title\" content=\"Moilak. Traditionnellement Innovant - Euskal Itsas Museoa\" \/>\n<meta property=\"og:description\" content=\"Cette exposition illustre le r\u00f4le important qu\u2019ont jou\u00e9 les ports basques au cours des derniers si\u00e8cles : ils constituaient des sites phares de l\u2019innovation \u00e9conomique, sociale et technologique continue avec des impacts directs sur l\u2019\u00e9volution historique du Pays Basque. L\u2019innovation est-elle notre tradition ?\" \/>\n<meta property=\"og:url\" content=\"https:\/\/itsasmuseoa.eus\/fr\/des-expositions\/expositions-en-course\/moilak-traditionnellement-innovant\/\" \/>\n<meta property=\"og:site_name\" content=\"Euskal Itsas Museoa\" \/>\n<meta property=\"article:modified_time\" content=\"2023-02-22T14:02:32+00:00\" \/>\n<meta property=\"og:image\" content=\"https:\/\/itsasmuseoa.eus\/wp-content\/uploads\/2021\/06\/Moilak_Web-1.jpg\" \/>\n\t<meta property=\"og:image:width\" content=\"1920\" \/>\n\t<meta property=\"og:image:height\" content=\"1280\" \/>\n\t<meta property=\"og:image:type\" content=\"image\/jpeg\" \/>\n<meta name=\"twitter:card\" content=\"summary_large_image\" \/>\n<meta name=\"twitter:label1\" content=\"Dur\u00e9e de lecture estim\u00e9e\" \/>\n\t<meta name=\"twitter:data1\" content=\"2 minutes\" \/>\n<script type=\"application\/ld+json\" class=\"yoast-schema-graph\">{\"@context\":\"https:\\\/\\\/schema.org\",\"@graph\":[{\"@type\":\"WebPage\",\"@id\":\"https:\\\/\\\/itsasmuseoa.eus\\\/fr\\\/des-expositions\\\/expositions-en-course\\\/moilak-traditionnellement-innovant\\\/\",\"url\":\"https:\\\/\\\/itsasmuseoa.eus\\\/fr\\\/des-expositions\\\/expositions-en-course\\\/moilak-traditionnellement-innovant\\\/\",\"name\":\"Moilak. Traditionnellement Innovant - Euskal Itsas Museoa\",\"isPartOf\":{\"@id\":\"https:\\\/\\\/itsasmuseoa.eus\\\/fr\\\/#website\"},\"primaryImageOfPage\":{\"@id\":\"https:\\\/\\\/itsasmuseoa.eus\\\/fr\\\/des-expositions\\\/expositions-en-course\\\/moilak-traditionnellement-innovant\\\/#primaryimage\"},\"image\":{\"@id\":\"https:\\\/\\\/itsasmuseoa.eus\\\/fr\\\/des-expositions\\\/expositions-en-course\\\/moilak-traditionnellement-innovant\\\/#primaryimage\"},\"thumbnailUrl\":\"https:\\\/\\\/itsasmuseoa.eus\\\/wp-content\\\/uploads\\\/2021\\\/06\\\/Moilak_Web-1.jpg\",\"datePublished\":\"2023-02-09T11:14:16+00:00\",\"dateModified\":\"2023-02-22T14:02:32+00:00\",\"breadcrumb\":{\"@id\":\"https:\\\/\\\/itsasmuseoa.eus\\\/fr\\\/des-expositions\\\/expositions-en-course\\\/moilak-traditionnellement-innovant\\\/#breadcrumb\"},\"inLanguage\":\"fr-FR\",\"potentialAction\":[{\"@type\":\"ReadAction\",\"target\":[\"https:\\\/\\\/itsasmuseoa.eus\\\/fr\\\/des-expositions\\\/expositions-en-course\\\/moilak-traditionnellement-innovant\\\/\"]}]},{\"@type\":\"ImageObject\",\"inLanguage\":\"fr-FR\",\"@id\":\"https:\\\/\\\/itsasmuseoa.eus\\\/fr\\\/des-expositions\\\/expositions-en-course\\\/moilak-traditionnellement-innovant\\\/#primaryimage\",\"url\":\"https:\\\/\\\/itsasmuseoa.eus\\\/wp-content\\\/uploads\\\/2021\\\/06\\\/Moilak_Web-1.jpg\",\"contentUrl\":\"https:\\\/\\\/itsasmuseoa.eus\\\/wp-content\\\/uploads\\\/2021\\\/06\\\/Moilak_Web-1.jpg\",\"width\":1920,\"height\":1280},{\"@type\":\"BreadcrumbList\",\"@id\":\"https:\\\/\\\/itsasmuseoa.eus\\\/fr\\\/des-expositions\\\/expositions-en-course\\\/moilak-traditionnellement-innovant\\\/#breadcrumb\",\"itemListElement\":[{\"@type\":\"ListItem\",\"position\":1,\"name\":\"Inicio\",\"item\":\"https:\\\/\\\/itsasmuseoa.eus\\\/fr\\\/\"},{\"@type\":\"ListItem\",\"position\":2,\"name\":\"Des expositions\",\"item\":\"https:\\\/\\\/itsasmuseoa.eus\\\/fr\\\/des-expositions\\\/\"},{\"@type\":\"ListItem\",\"position\":3,\"name\":\"Expositions en course\",\"item\":\"https:\\\/\\\/itsasmuseoa.eus\\\/fr\\\/des-expositions\\\/expositions-en-course\\\/\"},{\"@type\":\"ListItem\",\"position\":4,\"name\":\"Moilak. Traditionnellement Innovant\"}]},{\"@type\":\"WebSite\",\"@id\":\"https:\\\/\\\/itsasmuseoa.eus\\\/fr\\\/#website\",\"url\":\"https:\\\/\\\/itsasmuseoa.eus\\\/fr\\\/\",\"name\":\"Euskal Itsas Museoa\",\"description\":\"Museo Mar\u00edtimo Vasco\",\"potentialAction\":[{\"@type\":\"SearchAction\",\"target\":{\"@type\":\"EntryPoint\",\"urlTemplate\":\"https:\\\/\\\/itsasmuseoa.eus\\\/fr\\\/?s={search_term_string}\"},\"query-input\":{\"@type\":\"PropertyValueSpecification\",\"valueRequired\":true,\"valueName\":\"search_term_string\"}}],\"inLanguage\":\"fr-FR\"}]}<\/script>\n<!-- \/ Yoast SEO plugin. -->","yoast_head_json":{"title":"Moilak. Traditionnellement Innovant - Euskal Itsas Museoa","robots":{"index":"index","follow":"follow","max-snippet":"max-snippet:-1","max-image-preview":"max-image-preview:large","max-video-preview":"max-video-preview:-1"},"canonical":"https:\/\/itsasmuseoa.eus\/fr\/des-expositions\/expositions-en-course\/moilak-traditionnellement-innovant\/","og_locale":"fr_FR","og_type":"article","og_title":"Moilak. Traditionnellement Innovant - Euskal Itsas Museoa","og_description":"Cette exposition illustre le r\u00f4le important qu\u2019ont jou\u00e9 les ports basques au cours des derniers si\u00e8cles : ils constituaient des sites phares de l\u2019innovation \u00e9conomique, sociale et technologique continue avec des impacts directs sur l\u2019\u00e9volution historique du Pays Basque. L\u2019innovation est-elle notre tradition ?","og_url":"https:\/\/itsasmuseoa.eus\/fr\/des-expositions\/expositions-en-course\/moilak-traditionnellement-innovant\/","og_site_name":"Euskal Itsas Museoa","article_modified_time":"2023-02-22T14:02:32+00:00","og_image":[{"width":1920,"height":1280,"url":"https:\/\/itsasmuseoa.eus\/wp-content\/uploads\/2021\/06\/Moilak_Web-1.jpg","type":"image\/jpeg"}],"twitter_card":"summary_large_image","twitter_misc":{"Dur\u00e9e de lecture estim\u00e9e":"2 minutes"},"schema":{"@context":"https:\/\/schema.org","@graph":[{"@type":"WebPage","@id":"https:\/\/itsasmuseoa.eus\/fr\/des-expositions\/expositions-en-course\/moilak-traditionnellement-innovant\/","url":"https:\/\/itsasmuseoa.eus\/fr\/des-expositions\/expositions-en-course\/moilak-traditionnellement-innovant\/","name":"Moilak. Traditionnellement Innovant - Euskal Itsas Museoa","isPartOf":{"@id":"https:\/\/itsasmuseoa.eus\/fr\/#website"},"primaryImageOfPage":{"@id":"https:\/\/itsasmuseoa.eus\/fr\/des-expositions\/expositions-en-course\/moilak-traditionnellement-innovant\/#primaryimage"},"image":{"@id":"https:\/\/itsasmuseoa.eus\/fr\/des-expositions\/expositions-en-course\/moilak-traditionnellement-innovant\/#primaryimage"},"thumbnailUrl":"https:\/\/itsasmuseoa.eus\/wp-content\/uploads\/2021\/06\/Moilak_Web-1.jpg","datePublished":"2023-02-09T11:14:16+00:00","dateModified":"2023-02-22T14:02:32+00:00","breadcrumb":{"@id":"https:\/\/itsasmuseoa.eus\/fr\/des-expositions\/expositions-en-course\/moilak-traditionnellement-innovant\/#breadcrumb"},"inLanguage":"fr-FR","potentialAction":[{"@type":"ReadAction","target":["https:\/\/itsasmuseoa.eus\/fr\/des-expositions\/expositions-en-course\/moilak-traditionnellement-innovant\/"]}]},{"@type":"ImageObject","inLanguage":"fr-FR","@id":"https:\/\/itsasmuseoa.eus\/fr\/des-expositions\/expositions-en-course\/moilak-traditionnellement-innovant\/#primaryimage","url":"https:\/\/itsasmuseoa.eus\/wp-content\/uploads\/2021\/06\/Moilak_Web-1.jpg","contentUrl":"https:\/\/itsasmuseoa.eus\/wp-content\/uploads\/2021\/06\/Moilak_Web-1.jpg","width":1920,"height":1280},{"@type":"BreadcrumbList","@id":"https:\/\/itsasmuseoa.eus\/fr\/des-expositions\/expositions-en-course\/moilak-traditionnellement-innovant\/#breadcrumb","itemListElement":[{"@type":"ListItem","position":1,"name":"Inicio","item":"https:\/\/itsasmuseoa.eus\/fr\/"},{"@type":"ListItem","position":2,"name":"Des expositions","item":"https:\/\/itsasmuseoa.eus\/fr\/des-expositions\/"},{"@type":"ListItem","position":3,"name":"Expositions en course","item":"https:\/\/itsasmuseoa.eus\/fr\/des-expositions\/expositions-en-course\/"},{"@type":"ListItem","position":4,"name":"Moilak. Traditionnellement Innovant"}]},{"@type":"WebSite","@id":"https:\/\/itsasmuseoa.eus\/fr\/#website","url":"https:\/\/itsasmuseoa.eus\/fr\/","name":"Euskal Itsas Museoa","description":"Museo Mar\u00edtimo Vasco","potentialAction":[{"@type":"SearchAction","target":{"@type":"EntryPoint","urlTemplate":"https:\/\/itsasmuseoa.eus\/fr\/?s={search_term_string}"},"query-input":{"@type":"PropertyValueSpecification","valueRequired":true,"valueName":"search_term_string"}}],"inLanguage":"fr-FR"}]}},"_links":{"self":[{"href":"https:\/\/itsasmuseoa.eus\/fr\/wp-json\/wp\/v2\/pages\/13199","targetHints":{"allow":["GET"]}}],"collection":[{"href":"https:\/\/itsasmuseoa.eus\/fr\/wp-json\/wp\/v2\/pages"}],"about":[{"href":"https:\/\/itsasmuseoa.eus\/fr\/wp-json\/wp\/v2\/types\/page"}],"author":[{"embeddable":true,"href":"https:\/\/itsasmuseoa.eus\/fr\/wp-json\/wp\/v2\/users\/4"}],"replies":[{"embeddable":true,"href":"https:\/\/itsasmuseoa.eus\/fr\/wp-json\/wp\/v2\/comments?post=13199"}],"version-history":[{"count":0,"href":"https:\/\/itsasmuseoa.eus\/fr\/wp-json\/wp\/v2\/pages\/13199\/revisions"}],"up":[{"embeddable":true,"href":"https:\/\/itsasmuseoa.eus\/fr\/wp-json\/wp\/v2\/pages\/5453"}],"wp:featuredmedia":[{"embeddable":true,"href":"https:\/\/itsasmuseoa.eus\/fr\/wp-json\/wp\/v2\/media\/13121"}],"wp:attachment":[{"href":"https:\/\/itsasmuseoa.eus\/fr\/wp-json\/wp\/v2\/media?parent=13199"}],"wp:term":[{"taxonomy":"category","embeddable":true,"href":"https:\/\/itsasmuseoa.eus\/fr\/wp-json\/wp\/v2\/categories?post=13199"},{"taxonomy":"post_tag","embeddable":true,"href":"https:\/\/itsasmuseoa.eus\/fr\/wp-json\/wp\/v2\/tags?post=13199"}],"curies":[{"name":"wp","href":"https:\/\/api.w.org\/{rel}","templated":true}]}}