{"id":5492,"date":"2021-07-16T17:01:48","date_gmt":"2021-07-16T15:01:48","guid":{"rendered":"https:\/\/itsasmuseoa.eus\/ta-visite\/expressement-pour-vous\/groupe\/"},"modified":"2026-04-08T15:52:50","modified_gmt":"2026-04-08T13:52:50","slug":"groupe","status":"publish","type":"page","link":"https:\/\/itsasmuseoa.eus\/fr\/ta-visite\/expressement-pour-vous\/groupe\/","title":{"rendered":"Groupe"},"content":{"rendered":"\n\n\t<nav id=\"breadcrumbs\" aria-label=\"Breadcrumbs\"><a href=\"https:\/\/itsasmuseoa.eus\/fr\/\">Inicio<\/a> <img decoding=\"async\" src=\"https:\/\/itsasmuseoa.eus\/flecha-breadcrumbs\/\" alt=\"icono flecha\" \/> <a href=\"https:\/\/itsasmuseoa.eus\/fr\/ta-visite\/\">Votre visite<\/a> <img decoding=\"async\" src=\"https:\/\/itsasmuseoa.eus\/flecha-breadcrumbs\/\" alt=\"icono flecha\" \/> <a href=\"https:\/\/itsasmuseoa.eus\/fr\/ta-visite\/expressement-pour-vous\/\">Express\u00e9ment pour vous<\/a> <img decoding=\"async\" src=\"https:\/\/itsasmuseoa.eus\/flecha-breadcrumbs\/\" alt=\"icono flecha\" \/> Groupe<\/nav>\n\t<p>L&#8217;Euskal Itsas Museoa s&#8217;adapte aux besoins et aux attentes des diff\u00e9rents groupes. Dans cet esprit, nous vous proposons:<\/p>\n\t\t\t\t\t\t\t\t<a href=\"https:\/\/itsasmuseoa.eus\/tu-visita\/expresamente-para-ti\/grupos\/grupos-visitas-comentadas-a-exposiciones\/\" target=\"_self\" itemprop=\"url\">\n\t\t\t\t\t\t\t\t\t<img decoding=\"async\" src=\"https:\/\/itsasmuseoa.eus\/wp-content\/uploads\/2026\/04\/Visita-exposicion-EIM-KOFRADIA.jpg\" alt=\"Visita exposici\u00f3n EIM KOFRADIA\" itemprop=\"image\" height=\"1600\" width=\"2400\" srcset=\"https:\/\/itsasmuseoa.eus\/wp-content\/uploads\/2026\/04\/Visita-exposicion-EIM-KOFRADIA.jpg 2400w, https:\/\/itsasmuseoa.eus\/wp-content\/uploads\/2026\/04\/Visita-exposicion-EIM-KOFRADIA-300x200.jpg 300w, https:\/\/itsasmuseoa.eus\/wp-content\/uploads\/2026\/04\/Visita-exposicion-EIM-KOFRADIA-1024x683.jpg 1024w, https:\/\/itsasmuseoa.eus\/wp-content\/uploads\/2026\/04\/Visita-exposicion-EIM-KOFRADIA-768x512.jpg 768w, https:\/\/itsasmuseoa.eus\/wp-content\/uploads\/2026\/04\/Visita-exposicion-EIM-KOFRADIA-1536x1024.jpg 1536w, https:\/\/itsasmuseoa.eus\/wp-content\/uploads\/2026\/04\/Visita-exposicion-EIM-KOFRADIA-2048x1365.jpg 2048w, https:\/\/itsasmuseoa.eus\/wp-content\/uploads\/2026\/04\/Visita-exposicion-EIM-KOFRADIA-600x400.jpg 600w\" sizes=\"(max-width: 2400px) 100vw, 2400px\" title=\"Visita exposici\u00f3n EIM KOFRADIA\" onerror=\"this.style.display='none'\"  \/>\n\t\t\t\t\t\t\t\t\t\t\t\t\t<\/a>\n\t\t\t<a href=\"https:\/\/itsasmuseoa.eus\/fr\/ta-visite\/expressement-pour-vous\/groupe\/visite-guidee-de-lexposition\/\" target=\"_self\">\n\t\t\t\t\t\t\tVisites guid\u00e9es des expositions\n\t\t\t\t\t<\/a>\n\t\t\t\t\t\t\t\t<a href=\"https:\/\/itsasmuseoa.eus\/tu-visita\/visita-al-puerto\/\" target=\"_self\" itemprop=\"url\">\n\t\t\t\t\t\t\t\t\t<img decoding=\"async\" src=\"https:\/\/itsasmuseoa.eus\/wp-content\/uploads\/2026\/04\/Visita-por-el-puerto-EIM-KOFRADIA.jpg\" alt=\"Visita por el puerto EIM KOFRADIA\" itemprop=\"image\" height=\"1600\" width=\"2400\" srcset=\"https:\/\/itsasmuseoa.eus\/wp-content\/uploads\/2026\/04\/Visita-por-el-puerto-EIM-KOFRADIA.jpg 2400w, https:\/\/itsasmuseoa.eus\/wp-content\/uploads\/2026\/04\/Visita-por-el-puerto-EIM-KOFRADIA-300x200.jpg 300w, https:\/\/itsasmuseoa.eus\/wp-content\/uploads\/2026\/04\/Visita-por-el-puerto-EIM-KOFRADIA-1024x683.jpg 1024w, https:\/\/itsasmuseoa.eus\/wp-content\/uploads\/2026\/04\/Visita-por-el-puerto-EIM-KOFRADIA-768x512.jpg 768w, https:\/\/itsasmuseoa.eus\/wp-content\/uploads\/2026\/04\/Visita-por-el-puerto-EIM-KOFRADIA-1536x1024.jpg 1536w, https:\/\/itsasmuseoa.eus\/wp-content\/uploads\/2026\/04\/Visita-por-el-puerto-EIM-KOFRADIA-2048x1365.jpg 2048w, https:\/\/itsasmuseoa.eus\/wp-content\/uploads\/2026\/04\/Visita-por-el-puerto-EIM-KOFRADIA-600x400.jpg 600w\" sizes=\"(max-width: 2400px) 100vw, 2400px\" title=\"Visita por el puerto EIM KOFRADIA\" onerror=\"this.style.display='none'\"  \/>\n\t\t\t\t\t\t\t\t\t\t\t\t\t<\/a>\n\t\t\t<a href=\"https:\/\/itsasmuseoa.eus\/fr\/ta-visite\/visites-du-port-de-saint-sebastien\/\" target=\"_self\">\n\t\t\t\t\t\t\tVisites guid\u00e9es du port\n\t\t\t\t\t<\/a>\n\t\t\t\t\t\t\t\t<a href=\"https:\/\/itsasmuseoa.eus\/tu-visita\/sector-social\/euskal-itsas-museoa-para-todas-las-personas\/\" target=\"_self\" itemprop=\"url\">\n\t\t\t\t\t\t\t\t\t<img decoding=\"async\" src=\"https:\/\/itsasmuseoa.eus\/wp-content\/uploads\/2026\/04\/Sector-social-EIM.jpg\" alt=\"Sector social EIM\" itemprop=\"image\" height=\"1600\" width=\"2400\" srcset=\"https:\/\/itsasmuseoa.eus\/wp-content\/uploads\/2026\/04\/Sector-social-EIM.jpg 2400w, https:\/\/itsasmuseoa.eus\/wp-content\/uploads\/2026\/04\/Sector-social-EIM-300x200.jpg 300w, https:\/\/itsasmuseoa.eus\/wp-content\/uploads\/2026\/04\/Sector-social-EIM-1024x683.jpg 1024w, https:\/\/itsasmuseoa.eus\/wp-content\/uploads\/2026\/04\/Sector-social-EIM-768x512.jpg 768w, https:\/\/itsasmuseoa.eus\/wp-content\/uploads\/2026\/04\/Sector-social-EIM-1536x1024.jpg 1536w, https:\/\/itsasmuseoa.eus\/wp-content\/uploads\/2026\/04\/Sector-social-EIM-2048x1365.jpg 2048w, https:\/\/itsasmuseoa.eus\/wp-content\/uploads\/2026\/04\/Sector-social-EIM-600x400.jpg 600w\" sizes=\"(max-width: 2400px) 100vw, 2400px\" title=\"Sector social EIM\" onerror=\"this.style.display='none'\"  \/>\n\t\t\t\t\t\t\t\t\t\t\t\t\t<\/a>\n\t\t\t<a href=\"https:\/\/itsasmuseoa.eus\/fr\/ta-visite\/secteur-social\/leuskal-itsas-museoa-accessible-a-tous\/\" target=\"_self\">\n\t\t\t\t\t\t\tSecteur social\n\t\t\t\t\t<\/a>\n\t\t<h2>\n\t\t\tGROUPE\n\t\t\t\t\t\t\t\t\t\t\tminimum: 2 personnes\n\t\t<\/h2>\n\t\t<h2>\n\t\t\tLANGUES:\n\t\t\t\t\t\t\t\t\t\t\teusk | cast |\u00a0fr | eng\n\t\t<\/h2>\n\t\t<h2>\n\t\t\tTARIF:\n\t\t\t\t\t\t\t\t\t\t\t2,5 \u20ac par personne\n\t\t<\/h2>\n\t\t<h2>\n\t\t\tHORAIRE:\n\t\t\t\t\t\t\t\t\t\t\tdu mardi au samedi matin, horaires selon convenance\n\t\t<\/h2>\n\t<p>Et si vous avez une proposition \u00e0 nous faire ou un sujet sp\u00e9cifique \u00e0 traiter, contactez directement: <a href=\"mailto:hezkuntza@itsasmuseoa.eus\">hezkuntza@itsasmuseoa.eus <\/a><\/p>\n\t\t\t\t\t\t\t<img decoding=\"async\" src=\"https:\/\/itsasmuseoa.eus\/wp-content\/uploads\/2021\/06\/grupos-degustacion-de-pintxos.jpg\" alt=\"Imagen de un pintxo de bar\" width=\"1726\" height=\"1092\" \/>\n\t\t\t\t\t\t\t\t\t\t\t\n\t\t\t\t\t<p>Agr\u00e9mentez votre visite d&#8217;une d\u00e9gustation : un pintxo de saison et une boisson \u00e0 la <a href=\"https:\/\/kofradia.eus\/comer\/\" target=\"_blank\" rel=\"noopener\">Kofradia Itsas Etxea<\/a>.\u00c0 pr\u00e9ciser lors de la r\u00e9servation.<\/p>\t\t\t\t\n<h2>\n\t\t\tAcc\u00e9s au mus\u00e9e\t<\/h2>\n\t<p> L&#8217;Euskal Itsas Museoa est situ\u00e9 dans le port de Saint-S\u00e9bastien, une zone pi\u00e9tonne o\u00f9 l&#8217;acc\u00e8s en v\u00e9hicule priv\u00e9 n&#8217;est pas autoris\u00e9. <\/p>\n<p> A proximit\u00e9 se trouvent les parkings Boulevard et Okendo, ainsi que le parking OTA sur Paseo Nuevo. <\/p>\n\t<p> L&#8217;Euskal Itsas Museoa est situ\u00e9 dans le port de Saint-S\u00e9bastien, une zone pi\u00e9tonne o\u00f9 l&#8217;acc\u00e8s en v\u00e9hicule priv\u00e9 n&#8217;est pas autoris\u00e9. <\/p>\n<p> Vous pouvez faire une halte au Paseo Nuevo. <\/p>\n<h2>\n\t\t\tAccesibilit\u00e9\t<\/h2>\n\t<p> Dans notre engagement envers l&#8217;accessibilit\u00e9 universelle, nous travaillons en permanence pour ouvrir le mus\u00e9e et ses programmes \u00e0 tous. Notre Plan d&#8217;accessibilit\u00e9 couvre la mise en place progressive de mesures accessibles et l&#8217;offre de visites adapt\u00e9es aux diff\u00e9rents besoins des utilisateurs. <\/p>\n<p><img decoding=\"async\" src=\"https:\/\/itsasmuseoa.eus\/wp-content\/uploads\/\/icono-accesibilidad.svg\" alt=\"icono accesibilidad movimiento\" width=\"50\" \/>\u00a0 \u00a0<img decoding=\"async\" src=\"https:\/\/itsasmuseoa.eus\/wp-content\/uploads\/2021\/06\/icono-accesibilidad-visual.png\" alt=\"icono de accesibilidad visual\" width=\"85\" \/>\u00a0 \u00a0<img decoding=\"async\" src=\"https:\/\/itsasmuseoa.eus\/wp-content\/uploads\/2021\/06\/icono-accesibilidad-auditiva.png\" alt=\"icono de accesibilidad auditiva\" width=\"78\" \/>\u00a0 \u00a0<img decoding=\"async\" src=\"https:\/\/itsasmuseoa.eus\/wp-content\/uploads\/2021\/06\/icono-accesibilidad-cognitiva.png\" alt=\"icono de accesibilidad cognitiva\" width=\"68\" \/><\/p>\n\t\t\t<a href=\"https:\/\/itsasmuseoa.eus\/fr\/ta-visite\/informations-pratiques\/#anchor-accesibilidad\" target=\"_self\">\n\t\t\t\t\t\t\tinformations sur l&#8217;accessibilit\u00e9\n\t\t\t\t\t<\/a>\n\n","protected":false},"excerpt":{"rendered":"<p>Inicio Votre visite Express\u00e9ment pour vous Groupe L&#8217;Euskal Itsas Museoa s&#8217;adapte aux besoins et aux attentes des diff\u00e9rents groupes. Dans cet esprit, nous vous proposons: Visites guid\u00e9es des expositions Visites guid\u00e9es du port Secteur social GROUPE minimum: 2 personnes LANGUES: eusk | cast |\u00a0fr | eng TARIF: 2,5 \u20ac par personne HORAIRE: du mardi au&hellip;<\/p>\n","protected":false},"author":1,"featured_media":0,"parent":5485,"menu_order":0,"comment_status":"closed","ping_status":"closed","template":"","meta":{"_acf_changed":false,"footnotes":""},"categories":[],"tags":[],"class_list":["post-5492","page","type-page","status-publish","hentry"],"acf":[],"yoast_head":"<!-- This site is optimized with the Yoast SEO plugin v27.5 - https:\/\/yoast.com\/product\/yoast-seo-wordpress\/ -->\n<title>Groupe - Euskal Itsas Museoa<\/title>\n<meta name=\"robots\" content=\"index, follow, max-snippet:-1, max-image-preview:large, max-video-preview:-1\" \/>\n<link rel=\"canonical\" href=\"https:\/\/itsasmuseoa.eus\/fr\/ta-visite\/expressement-pour-vous\/groupe\/\" \/>\n<meta property=\"og:locale\" content=\"fr_FR\" \/>\n<meta property=\"og:type\" content=\"article\" \/>\n<meta property=\"og:title\" content=\"Groupe - Euskal Itsas Museoa\" \/>\n<meta property=\"og:description\" content=\"Inicio Votre visite Express\u00e9ment pour vous Groupe L&#8217;Euskal Itsas Museoa s&#8217;adapte aux besoins et aux attentes des diff\u00e9rents groupes. Dans cet esprit, nous vous proposons: Visites guid\u00e9es des expositions Visites guid\u00e9es du port Secteur social GROUPE minimum: 2 personnes LANGUES: eusk | cast |\u00a0fr | eng TARIF: 2,5 \u20ac par personne HORAIRE: du mardi au&hellip;\" \/>\n<meta property=\"og:url\" content=\"https:\/\/itsasmuseoa.eus\/fr\/ta-visite\/expressement-pour-vous\/groupe\/\" \/>\n<meta property=\"og:site_name\" content=\"Euskal Itsas Museoa\" \/>\n<meta property=\"article:modified_time\" content=\"2026-04-08T13:52:50+00:00\" \/>\n<meta property=\"og:image\" content=\"https:\/\/itsasmuseoa.eus\/flecha-breadcrumbs\/\" \/>\n<meta name=\"twitter:card\" content=\"summary_large_image\" \/>\n<meta name=\"twitter:label1\" content=\"Dur\u00e9e de lecture estim\u00e9e\" \/>\n\t<meta name=\"twitter:data1\" content=\"1 minute\" \/>\n<script type=\"application\/ld+json\" class=\"yoast-schema-graph\">{\"@context\":\"https:\\\/\\\/schema.org\",\"@graph\":[{\"@type\":\"WebPage\",\"@id\":\"https:\\\/\\\/itsasmuseoa.eus\\\/fr\\\/ta-visite\\\/expressement-pour-vous\\\/groupe\\\/\",\"url\":\"https:\\\/\\\/itsasmuseoa.eus\\\/fr\\\/ta-visite\\\/expressement-pour-vous\\\/groupe\\\/\",\"name\":\"Groupe - Euskal Itsas Museoa\",\"isPartOf\":{\"@id\":\"https:\\\/\\\/itsasmuseoa.eus\\\/fr\\\/#website\"},\"primaryImageOfPage\":{\"@id\":\"https:\\\/\\\/itsasmuseoa.eus\\\/fr\\\/ta-visite\\\/expressement-pour-vous\\\/groupe\\\/#primaryimage\"},\"image\":{\"@id\":\"https:\\\/\\\/itsasmuseoa.eus\\\/fr\\\/ta-visite\\\/expressement-pour-vous\\\/groupe\\\/#primaryimage\"},\"thumbnailUrl\":\"https:\\\/\\\/itsasmuseoa.eus\\\/flecha-breadcrumbs\\\/\",\"datePublished\":\"2021-07-16T15:01:48+00:00\",\"dateModified\":\"2026-04-08T13:52:50+00:00\",\"breadcrumb\":{\"@id\":\"https:\\\/\\\/itsasmuseoa.eus\\\/fr\\\/ta-visite\\\/expressement-pour-vous\\\/groupe\\\/#breadcrumb\"},\"inLanguage\":\"fr-FR\",\"potentialAction\":[{\"@type\":\"ReadAction\",\"target\":[\"https:\\\/\\\/itsasmuseoa.eus\\\/fr\\\/ta-visite\\\/expressement-pour-vous\\\/groupe\\\/\"]}]},{\"@type\":\"ImageObject\",\"inLanguage\":\"fr-FR\",\"@id\":\"https:\\\/\\\/itsasmuseoa.eus\\\/fr\\\/ta-visite\\\/expressement-pour-vous\\\/groupe\\\/#primaryimage\",\"url\":\"https:\\\/\\\/itsasmuseoa.eus\\\/flecha-breadcrumbs\\\/\",\"contentUrl\":\"https:\\\/\\\/itsasmuseoa.eus\\\/flecha-breadcrumbs\\\/\"},{\"@type\":\"BreadcrumbList\",\"@id\":\"https:\\\/\\\/itsasmuseoa.eus\\\/fr\\\/ta-visite\\\/expressement-pour-vous\\\/groupe\\\/#breadcrumb\",\"itemListElement\":[{\"@type\":\"ListItem\",\"position\":1,\"name\":\"Inicio\",\"item\":\"https:\\\/\\\/itsasmuseoa.eus\\\/fr\\\/\"},{\"@type\":\"ListItem\",\"position\":2,\"name\":\"Votre visite\",\"item\":\"https:\\\/\\\/itsasmuseoa.eus\\\/fr\\\/ta-visite\\\/\"},{\"@type\":\"ListItem\",\"position\":3,\"name\":\"Express\u00e9ment pour vous\",\"item\":\"https:\\\/\\\/itsasmuseoa.eus\\\/fr\\\/ta-visite\\\/expressement-pour-vous\\\/\"},{\"@type\":\"ListItem\",\"position\":4,\"name\":\"Groupe\"}]},{\"@type\":\"WebSite\",\"@id\":\"https:\\\/\\\/itsasmuseoa.eus\\\/fr\\\/#website\",\"url\":\"https:\\\/\\\/itsasmuseoa.eus\\\/fr\\\/\",\"name\":\"Euskal Itsas Museoa\",\"description\":\"Museo Mar\u00edtimo Vasco\",\"potentialAction\":[{\"@type\":\"SearchAction\",\"target\":{\"@type\":\"EntryPoint\",\"urlTemplate\":\"https:\\\/\\\/itsasmuseoa.eus\\\/fr\\\/?s={search_term_string}\"},\"query-input\":{\"@type\":\"PropertyValueSpecification\",\"valueRequired\":true,\"valueName\":\"search_term_string\"}}],\"inLanguage\":\"fr-FR\"}]}<\/script>\n<!-- \/ Yoast SEO plugin. -->","yoast_head_json":{"title":"Groupe - Euskal Itsas Museoa","robots":{"index":"index","follow":"follow","max-snippet":"max-snippet:-1","max-image-preview":"max-image-preview:large","max-video-preview":"max-video-preview:-1"},"canonical":"https:\/\/itsasmuseoa.eus\/fr\/ta-visite\/expressement-pour-vous\/groupe\/","og_locale":"fr_FR","og_type":"article","og_title":"Groupe - Euskal Itsas Museoa","og_description":"Inicio Votre visite Express\u00e9ment pour vous Groupe L&#8217;Euskal Itsas Museoa s&#8217;adapte aux besoins et aux attentes des diff\u00e9rents groupes. Dans cet esprit, nous vous proposons: Visites guid\u00e9es des expositions Visites guid\u00e9es du port Secteur social GROUPE minimum: 2 personnes LANGUES: eusk | cast |\u00a0fr | eng TARIF: 2,5 \u20ac par personne HORAIRE: du mardi au&hellip;","og_url":"https:\/\/itsasmuseoa.eus\/fr\/ta-visite\/expressement-pour-vous\/groupe\/","og_site_name":"Euskal Itsas Museoa","article_modified_time":"2026-04-08T13:52:50+00:00","og_image":[{"url":"https:\/\/itsasmuseoa.eus\/flecha-breadcrumbs\/","type":"","width":"","height":""}],"twitter_card":"summary_large_image","twitter_misc":{"Dur\u00e9e de lecture estim\u00e9e":"1 minute"},"schema":{"@context":"https:\/\/schema.org","@graph":[{"@type":"WebPage","@id":"https:\/\/itsasmuseoa.eus\/fr\/ta-visite\/expressement-pour-vous\/groupe\/","url":"https:\/\/itsasmuseoa.eus\/fr\/ta-visite\/expressement-pour-vous\/groupe\/","name":"Groupe - Euskal Itsas Museoa","isPartOf":{"@id":"https:\/\/itsasmuseoa.eus\/fr\/#website"},"primaryImageOfPage":{"@id":"https:\/\/itsasmuseoa.eus\/fr\/ta-visite\/expressement-pour-vous\/groupe\/#primaryimage"},"image":{"@id":"https:\/\/itsasmuseoa.eus\/fr\/ta-visite\/expressement-pour-vous\/groupe\/#primaryimage"},"thumbnailUrl":"https:\/\/itsasmuseoa.eus\/flecha-breadcrumbs\/","datePublished":"2021-07-16T15:01:48+00:00","dateModified":"2026-04-08T13:52:50+00:00","breadcrumb":{"@id":"https:\/\/itsasmuseoa.eus\/fr\/ta-visite\/expressement-pour-vous\/groupe\/#breadcrumb"},"inLanguage":"fr-FR","potentialAction":[{"@type":"ReadAction","target":["https:\/\/itsasmuseoa.eus\/fr\/ta-visite\/expressement-pour-vous\/groupe\/"]}]},{"@type":"ImageObject","inLanguage":"fr-FR","@id":"https:\/\/itsasmuseoa.eus\/fr\/ta-visite\/expressement-pour-vous\/groupe\/#primaryimage","url":"https:\/\/itsasmuseoa.eus\/flecha-breadcrumbs\/","contentUrl":"https:\/\/itsasmuseoa.eus\/flecha-breadcrumbs\/"},{"@type":"BreadcrumbList","@id":"https:\/\/itsasmuseoa.eus\/fr\/ta-visite\/expressement-pour-vous\/groupe\/#breadcrumb","itemListElement":[{"@type":"ListItem","position":1,"name":"Inicio","item":"https:\/\/itsasmuseoa.eus\/fr\/"},{"@type":"ListItem","position":2,"name":"Votre visite","item":"https:\/\/itsasmuseoa.eus\/fr\/ta-visite\/"},{"@type":"ListItem","position":3,"name":"Express\u00e9ment pour vous","item":"https:\/\/itsasmuseoa.eus\/fr\/ta-visite\/expressement-pour-vous\/"},{"@type":"ListItem","position":4,"name":"Groupe"}]},{"@type":"WebSite","@id":"https:\/\/itsasmuseoa.eus\/fr\/#website","url":"https:\/\/itsasmuseoa.eus\/fr\/","name":"Euskal Itsas Museoa","description":"Museo Mar\u00edtimo Vasco","potentialAction":[{"@type":"SearchAction","target":{"@type":"EntryPoint","urlTemplate":"https:\/\/itsasmuseoa.eus\/fr\/?s={search_term_string}"},"query-input":{"@type":"PropertyValueSpecification","valueRequired":true,"valueName":"search_term_string"}}],"inLanguage":"fr-FR"}]}},"_links":{"self":[{"href":"https:\/\/itsasmuseoa.eus\/fr\/wp-json\/wp\/v2\/pages\/5492","targetHints":{"allow":["GET"]}}],"collection":[{"href":"https:\/\/itsasmuseoa.eus\/fr\/wp-json\/wp\/v2\/pages"}],"about":[{"href":"https:\/\/itsasmuseoa.eus\/fr\/wp-json\/wp\/v2\/types\/page"}],"author":[{"embeddable":true,"href":"https:\/\/itsasmuseoa.eus\/fr\/wp-json\/wp\/v2\/users\/1"}],"replies":[{"embeddable":true,"href":"https:\/\/itsasmuseoa.eus\/fr\/wp-json\/wp\/v2\/comments?post=5492"}],"version-history":[{"count":1,"href":"https:\/\/itsasmuseoa.eus\/fr\/wp-json\/wp\/v2\/pages\/5492\/revisions"}],"predecessor-version":[{"id":21458,"href":"https:\/\/itsasmuseoa.eus\/fr\/wp-json\/wp\/v2\/pages\/5492\/revisions\/21458"}],"up":[{"embeddable":true,"href":"https:\/\/itsasmuseoa.eus\/fr\/wp-json\/wp\/v2\/pages\/5485"}],"wp:attachment":[{"href":"https:\/\/itsasmuseoa.eus\/fr\/wp-json\/wp\/v2\/media?parent=5492"}],"wp:term":[{"taxonomy":"category","embeddable":true,"href":"https:\/\/itsasmuseoa.eus\/fr\/wp-json\/wp\/v2\/categories?post=5492"},{"taxonomy":"post_tag","embeddable":true,"href":"https:\/\/itsasmuseoa.eus\/fr\/wp-json\/wp\/v2\/tags?post=5492"}],"curies":[{"name":"wp","href":"https:\/\/api.w.org\/{rel}","templated":true}]}}